{"id":1391,"date":"2017-04-18T11:19:29","date_gmt":"2017-04-18T15:19:29","guid":{"rendered":"http:\/\/www.delasalle.qc.ca\/?page_id=1391"},"modified":"2017-04-22T14:14:32","modified_gmt":"2017-04-22T18:14:32","slug":"rayonnement-de-guerisseur-et-dintercesseur","status":"publish","type":"page","link":"https:\/\/www.delasalle.qc.ca\/?page_id=1391","title":{"rendered":"Rayonnement de gu\u00e9risseur et d&rsquo;intercesseur"},"content":{"rendered":"<p style=\"text-align: right;\"><a href=\"https:\/\/www.delasalle.qc.ca\/?page_id=149\">Retour \u00e0 la page du V\u00e9n\u00e9rable Chatillon<\/a><\/p>\n<p><img loading=\"lazy\" decoding=\"async\" class=\"size-full wp-image-1396 alignleft\" src=\"https:\/\/www.delasalle.qc.ca\/wp-content\/uploads\/2017\/04\/gue\u03011.png\" alt=\"\" width=\"237\" height=\"380\" srcset=\"https:\/\/www.delasalle.qc.ca\/wp-content\/uploads\/2017\/04\/gue\u03011.png 237w, https:\/\/www.delasalle.qc.ca\/wp-content\/uploads\/2017\/04\/gue\u03011-187x300.png 187w\" sizes=\"auto, (max-width: 237px) 100vw, 237px\" \/><\/p>\n<p>&nbsp;<\/p>\n<p>D\u00e8s 1930, un an \u00e0 peine apr\u00e8s le d\u00e9c\u00e8s du V\u00e9n\u00e9rable fr\u00e8re Adolphe Chatillon, la modeste revue \u00abBulletin du T.S. Enfant J\u00e9sus\u00bb relatait r\u00e9guli\u00e8rement des faveurs accord\u00e9es par l\u2019intercession du V\u00e9n\u00e9rable qui \u00e9tait connu alors sous le nom de Th\u00e9ophanius-L\u00e9o.<\/p>\n<p>On trouve un \u00e9chantillon des premi\u00e8res faveurs dans la page du bulletin d\u2019avril que nous avons pr\u00e9sent\u00e9e ci-dessous.<\/p>\n<p>&nbsp;<\/p>\n<p><img loading=\"lazy\" decoding=\"async\" class=\"alignnone size-full wp-image-1393\" src=\"https:\/\/www.delasalle.qc.ca\/wp-content\/uploads\/2017\/04\/gue\u03012.png\" alt=\"\" width=\"880\" height=\"1207\" srcset=\"https:\/\/www.delasalle.qc.ca\/wp-content\/uploads\/2017\/04\/gue\u03012.png 880w, https:\/\/www.delasalle.qc.ca\/wp-content\/uploads\/2017\/04\/gue\u03012-219x300.png 219w, https:\/\/www.delasalle.qc.ca\/wp-content\/uploads\/2017\/04\/gue\u03012-768x1053.png 768w, https:\/\/www.delasalle.qc.ca\/wp-content\/uploads\/2017\/04\/gue\u03012-747x1024.png 747w\" sizes=\"auto, (max-width: 880px) 100vw, 880px\" \/><\/p>\n<p>\u00c0 partir de cette 1930, les relations de faveurs obtenues se sont multipli\u00e9es.<\/p>\n<p>&nbsp;<\/p>\n<p>Le cas du jeune \u00e9colier de 11 ans, Bernard Savoie, n\u2019a pas manqu\u00e9 de soulever l\u2019admiration et la reconnaissance pour le fr\u00e8re Th\u00e9ophanius-L\u00e9o ( notre v\u00e9n\u00e9rable Adolphe Chatillon). Que s\u2019est-il pass\u00e9 ?<\/p>\n<p><img loading=\"lazy\" decoding=\"async\" class=\"size-full wp-image-1394 alignleft\" src=\"https:\/\/www.delasalle.qc.ca\/wp-content\/uploads\/2017\/04\/gue\u03013.png\" alt=\"\" width=\"306\" height=\"513\" srcset=\"https:\/\/www.delasalle.qc.ca\/wp-content\/uploads\/2017\/04\/gue\u03013.png 306w, https:\/\/www.delasalle.qc.ca\/wp-content\/uploads\/2017\/04\/gue\u03013-179x300.png 179w\" sizes=\"auto, (max-width: 306px) 100vw, 306px\" \/><\/p>\n<p>&nbsp;<\/p>\n<p><u>Les circonstances<\/u>\u00a0: Nous sommes le 25 mars 1943. Le jeune Bernard Savoie est \u00e9l\u00e8ve de l\u2019\u00e9cole St-Joseph, voisine de l\u2019\u00e9glise du m\u00eame nom dans Montr\u00e9al. C\u2019est un jeudi. Les \u00e9coliers sont en r\u00e9cr\u00e9ation. Ils jouent avec une balle qu\u2019ils poussent avec leur pied. Un joueur ardent, par une man\u0153uvre maladroite, fait voler la balle au-del\u00e0 de la cl\u00f4ture qui s\u00e9pare l\u2019\u00e9cole de l\u2019\u00e9glise. Il faut donc aller la r\u00e9cup\u00e9rer. C\u2019est Bernard qui se h\u00e2te \u00e0 la t\u00e2che et s\u2019approche du mur de l\u2019\u00e9glise.<u>\u00a0 \u00a0<img loading=\"lazy\" decoding=\"async\" class=\"size-full wp-image-1395 alignright\" src=\"https:\/\/www.delasalle.qc.ca\/wp-content\/uploads\/2017\/04\/gue\u03014.png\" alt=\"\" width=\"386\" height=\"526\" srcset=\"https:\/\/www.delasalle.qc.ca\/wp-content\/uploads\/2017\/04\/gue\u03014.png 386w, https:\/\/www.delasalle.qc.ca\/wp-content\/uploads\/2017\/04\/gue\u03014-220x300.png 220w\" sizes=\"auto, (max-width: 386px) 100vw, 386px\" \/><\/u><\/p>\n<p>&nbsp;<\/p>\n<p>Au m\u00eame moment les cris des camarades l\u2019interpellent\u00a0: \u00abattention, Bernard!\u00bb. Il est d\u00e9j\u00e0 trop tard; du toit de l\u2019\u00e9glise se d\u00e9tache un bloc de glace d\u2019un volume imposant ( voir la photo) qui vient atterrir sur le cr\u00e2ne de Bernard.<\/p>\n<p>&nbsp;<\/p>\n<p>On s\u2019empresse \u00e0 porter secours au jeune gar\u00e7on qui est conduit en ambulance \u00e0 l\u2019h\u00f4pital St-Luc de la rue St-Denis.<\/p>\n<p>&nbsp;<\/p>\n<p>&nbsp;<\/p>\n<p>&nbsp;<\/p>\n<p>&nbsp;<\/p>\n<p>Le docteur Jean Panet-Raymond (1903-1992) neurologue a d\u00e9clar\u00e9 le 7 mai 1991\u00a0:<\/p>\n<p>\u00abpar la pr\u00e9sente je reconnais\u00a0:<\/p>\n<ol>\n<li>Avoir trait\u00e9 le jeune Bernard Savoie \u00e0 l\u2019h\u00f4pital St-Luc, durant 29 jours d\u2019hospitalisation \u00e0 partir du 25 mars 1943;<\/li>\n<li>lui avoir prodigu\u00e9 un examen neurologique, premiers soins, ponction lombaire et soins pour fracture du cr\u00e2ne, contusion c\u00e9r\u00e9brale, otorragie gauche;<\/li>\n<li>que, selon le rapport fourni par le docteur H. T. T\u00e9treault, m.d. surintendant m\u00e9dical \u00e0 l\u2019H\u00f4pital St-Luc en date du 23 mai 1959 (reproduit en annexe) le jeune Bernard Savoie souffrait d\u2019un mal tr\u00e8s grave, suite \u00e0 un accident, qui aurait pu facilement entra\u00eener la mort.\u00bb<\/li>\n<\/ol>\n<p>Bernard se souvient de sa quatorzi\u00e8me journ\u00e9e d\u2019hospitalisation (7 avril) et d\u2019un brin de conversation entre la garde-malade Beauregard et le docteur Jean Panet-Raymond\u00a0: \u00abVous voyez vous-m\u00eame docteur, vous qui avez dit\u00a0: Je lui donne les premiers soins, mais il n\u2019ira pas plus loin qu\u2019au cimeti\u00e8re dans peu de temps. Il a une fracture du cr\u00e2ne d\u2019un c\u00f4t\u00e9 \u00e0 l\u2019autre. Il n\u2019a pas de chance d\u2019en revenir.\u00bb<\/p>\n<p>&nbsp;<\/p>\n<p><img loading=\"lazy\" decoding=\"async\" class=\"size-full wp-image-1397 alignleft\" src=\"https:\/\/www.delasalle.qc.ca\/wp-content\/uploads\/2017\/04\/gue\u03015.png\" alt=\"\" width=\"678\" height=\"426\" srcset=\"https:\/\/www.delasalle.qc.ca\/wp-content\/uploads\/2017\/04\/gue\u03015.png 678w, https:\/\/www.delasalle.qc.ca\/wp-content\/uploads\/2017\/04\/gue\u03015-300x188.png 300w\" sizes=\"auto, (max-width: 678px) 100vw, 678px\" \/><\/p>\n<p>Entretemps, Fr\u00e8re Florian, son professeur avait agi, il le rappelle au jeune patient\u00a0: \u00abSamedi dernier, le 3 avril, dixi\u00e8me jour de ton s\u00e9jour ici, j\u2019\u00e9tais assis pr\u00e8s de toi, tu ne pouvais pas me parler, je te regardais et je te voyais, tu \u00e9tais comme un mort,\u00bb J\u2019ai dit \u00e0 la garde\u00a0de te surveiller, car je devais partir. Arriv\u00e9 \u00e0 la maison, j\u2019ai d\u00e9croch\u00e9 le t\u00e9l\u00e9phone et j\u2019ai appel\u00e9 au Mont-de-La-Salle pour parler au directeur du Noviciat et lui ai demand\u00e9 de faire une neuvaine au Fr\u00e8re Th\u00e9ophanius-L\u00e9o (V\u00e9n\u00e9rable Adolphe Chatillon).<\/p>\n<p>Le lendemain, 4 avril, Fr\u00e8re Florian appelle la garde-malade pour s\u2019informer\u00a0: \u00abFr\u00e8re, un miracle est arriv\u00e9; Bernard repris connaissance hier \u00e0 cinq heures. Heureuse co\u00efncidence, c\u2019\u00e9tait l\u2019heure o\u00f9 on avait commenc\u00e9 la neuvaine. \u00bb<\/p>\n<p>Bernard Savoie a toujours \u00e9t\u00e9 persuad\u00e9 qu\u2019il avait recouvr\u00e9 la sant\u00e9 gr\u00e2ce \u00e0 l\u2019intercession du v\u00e9n\u00e9rable Adolphe Chatillon. Aussi\u00f4t gu\u00e9ri, il s\u2019empressa d\u2019aller prier \u00e0 la tombe du F. Th\u00e9ophanius-L\u00e9o inhum\u00e9 en avril 1929 dans le cimeti\u00e8re du Mont-de-La-Salle. Il fut reconnaissant \u00e0 tous ceux qui avaient pri\u00e9 \u00e0 ses intentions. \u00c0 plusieurs reprises il rendit t\u00e9moignage public de sa gu\u00e9rison qu\u2019il jugeait miraculeuse. Il ne garda aucune s\u00e9quelle de ce terrible accident, et il a pu remplir une carri\u00e8re de dessinateur industriel avec succ\u00e8s jusqu\u2019\u00e0 son d\u00e9c\u00e8s. Il connut une vie familiale fort heureuse.<\/p>\n<p>&nbsp;<\/p>\n<p>&nbsp;<\/p>\n<p>&nbsp;<\/p>\n<p><img loading=\"lazy\" decoding=\"async\" class=\"alignnone size-full wp-image-1398\" src=\"https:\/\/www.delasalle.qc.ca\/wp-content\/uploads\/2017\/04\/gue\u03016.png\" alt=\"\" width=\"368\" height=\"611\" srcset=\"https:\/\/www.delasalle.qc.ca\/wp-content\/uploads\/2017\/04\/gue\u03016.png 368w, https:\/\/www.delasalle.qc.ca\/wp-content\/uploads\/2017\/04\/gue\u03016-181x300.png 181w\" sizes=\"auto, (max-width: 368px) 100vw, 368px\" \/>\u00a0 \u00a0 \u00a0 \u00a0 \u00a0 \u00a0 \u00a0 \u00a0 \u00a0 \u00a0 \u00a0<img loading=\"lazy\" decoding=\"async\" class=\"alignnone size-full wp-image-1399\" src=\"https:\/\/www.delasalle.qc.ca\/wp-content\/uploads\/2017\/04\/gue\u03017.png\" alt=\"\" width=\"327\" height=\"534\" srcset=\"https:\/\/www.delasalle.qc.ca\/wp-content\/uploads\/2017\/04\/gue\u03017.png 327w, https:\/\/www.delasalle.qc.ca\/wp-content\/uploads\/2017\/04\/gue\u03017-184x300.png 184w\" sizes=\"auto, (max-width: 327px) 100vw, 327px\" \/><\/p>\n<p>Bernard Savoie, \u00e0 droite \u00a0 \u00a0 \u00a0 \u00a0 \u00a0 \u00a0 \u00a0 \u00a0 \u00a0 \u00a0 \u00a0 \u00a0 \u00a0 \u00a0 \u00a0 \u00a0 \u00a0 \u00a0 \u00a0 \u00a0 \u00a0 \u00a0 \u00a0 \u00a0 \u00a0 \u00a0 \u00a0 \u00a0 \u00a0 \u00a0 \u00a0 \u00a0 \u00a0 \u00a0 \u00a0 \u00a0 \u00a0 Bernard, son \u00e9pouse et leurs<\/p>\n<p>\u00e0 la tombe du fr\u00e8re Th\u00e9ophanius-L\u00e9o \u00a0 \u00a0 \u00a0 \u00a0 \u00a0 \u00a0 \u00a0 \u00a0 \u00a0 \u00a0 \u00a0 \u00a0 \u00a0 \u00a0 \u00a0 \u00a0 \u00a0 \u00a0 \u00a0 \u00a0 \u00a0 \u00a0 \u00a0 \u00a0 \u00a0 \u00a0 \u00a0 \u00a0 \u00a0 \u00a0 \u00a0 \u00a0 \u00a0 \u00a0jeunes enfants<\/p>\n<p>________________________________________________________<\/p>\n<p>&nbsp;<\/p>\n<p>Le <strong>Bulletin du V\u00e9n\u00e9rable Adolphe Chatillon<\/strong>, qui para\u00eet trois fois dans l\u2019ann\u00e9e signale chaque fois de nouvelles faveurs que nos lectrices et lecteurs ont la bont\u00e9 de nous faire conna\u00eetre. Aucun frais n\u2019est exig\u00e9 pour recevoir ce bulletin. Il suffit d\u2019adresser votre demande indiquant noms et adresse, \u00e0 notre secr\u00e9tariat ( Veuillez cliquer sur l&rsquo;adresse courriel suivante:\u00a0<a href=\"mailto:adolphechatillon@delasalle.qc.ca\">adolphechatillon@delasalle.qc.ca<\/a> )<\/p>\n<p>&nbsp;<\/p>\n<p><strong>Pour invoquer l\u2019intercession du v\u00e9n\u00e9rable Fr\u00e8re, on sugg\u00e8re cette formule<\/strong>\u00a0:<\/p>\n<h3><span style=\"color: #0000ff;\">O Dieu qui avez promis aux humbles qu\u2019ils seront exalt\u00e9s et \u00e0 ceux qui enseignent la justice \u00e0 un grand nombre qu\u2019ils brilleront comme des \u00e9toiles dans l\u2019\u00e9ternit\u00e9, daignez glorifier votre serviteur le V\u00e9n\u00e9rable Adolphe Chatillon et faire resplendir son nom parmi ceux de vos saints.<\/span><\/h3>\n<h3><span style=\"color: #0000ff;\">Que vos gr\u00e2ces, Seigneur, se multiplient en faveur des fid\u00e8les qui vous implorent en vous rappelant les vertus qu\u2019il pratiqua sur la terre.<\/span><\/h3>\n<h3><span style=\"color: #0000ff;\">Puissions-nous ainsi voir un jour la sainte \u00c9glise honorer sa m\u00e9moire et nous donner en lui un nouveau mod\u00e8le \u00e0 imiter, un protecteur de plus qui nous assiste dans nos travaux et dans nos peines et nous aide \u00e0 parvenir \u00e0 la b\u00e9atitude c\u00e9leste. Amen.<\/span><\/h3>\n<h3><span style=\"color: #0000ff;\">Seigneur, par l\u2019intercession de votre serviteur le v\u00e9n\u00e9rable Fr\u00e8re Adolphe Chatillon accordez-nous la gr\u00e2ce que nous sollicitons\u00a0:\u00a0\u00a0 (mentionner la faveur que nous d\u00e9sirons obtenir ).<\/span><\/h3>\n<h3><span style=\"color: #0000ff;\">Je vous salue, Marie\u2026<\/span><\/h3>\n<p>&nbsp;<\/p>\n<p>On vous sera reconnaissant de signaler toute faveur que vous aurez obtenue. Veuillez cliquer sur l&rsquo;adresse courriel suivante:\u00a0<a href=\"mailto:adolphechatillon@delasalle.qc.ca\">adolphechatillon@delasalle.qc.ca<\/a>\u00a0pour nous rejoindre.<\/p>\n<p>&nbsp;<\/p>\n<p style=\"text-align: center;\">LE TOMBEAU DU V\u00c9N\u00c9RABLE<\/p>\n<p style=\"text-align: center;\">EST AU C\u0152UR DE MONTR\u00c9AL,<\/p>\n<p style=\"text-align: center;\">DANS UNE CHAPELLE DE L\u2019\u00c9GLISE<\/p>\n<p style=\"text-align: center;\">ST-JEAN-BAPTISTE DE LA SALLE,<\/p>\n<p style=\"text-align: center;\">M\u00c9TRO PIE IX<\/p>\n<p style=\"text-align: center;\"><img loading=\"lazy\" decoding=\"async\" class=\"alignnone size-full wp-image-1400\" src=\"https:\/\/www.delasalle.qc.ca\/wp-content\/uploads\/2017\/04\/gue\u03018.png\" alt=\"\" width=\"900\" height=\"675\" srcset=\"https:\/\/www.delasalle.qc.ca\/wp-content\/uploads\/2017\/04\/gue\u03018.png 900w, https:\/\/www.delasalle.qc.ca\/wp-content\/uploads\/2017\/04\/gue\u03018-300x225.png 300w, https:\/\/www.delasalle.qc.ca\/wp-content\/uploads\/2017\/04\/gue\u03018-768x576.png 768w\" sizes=\"auto, (max-width: 900px) 100vw, 900px\" \/><\/p>\n<p style=\"text-align: right;\"><strong><a href=\"https:\/\/www.delasalle.qc.ca\/?page_id=1360\">Rayonnement de sa joie<\/a><\/strong><\/p>\n<p style=\"text-align: right;\"><strong><u><a href=\"https:\/\/www.delasalle.qc.ca\/?page_id=1369%20Modifier%20les%20permaliens\">Rayonnement comme \u00e9ducateur<\/a><\/u><\/strong><strong>\u00a0<\/strong><\/p>\n<p style=\"text-align: right;\"><strong><u><a href=\"https:\/\/www.delasalle.qc.ca\/?page_id=1380\">Rayonnement comme guide et formateur<\/a><\/u><\/strong><\/p>\n<p style=\"text-align: right;\"><strong><u><a href=\"https:\/\/www.delasalle.qc.ca\/?page_id=1414\">Rayonnement de priant<\/a><\/u><\/strong><strong>\u00a0<\/strong><\/p>\n<p style=\"text-align: right;\"><strong><u><a href=\"https:\/\/www.delasalle.qc.ca\/?page_id=1407\">Rayonnement de ses \u00e9crits<\/a><\/u><\/strong><\/p>\n<p style=\"text-align: right;\"><strong><a href=\"https:\/\/www.delasalle.qc.ca\/?page_id=1414\">Rayonnement de priant<\/a><\/strong><\/p>\n<p style=\"text-align: right;\"><a href=\"https:\/\/www.delasalle.qc.ca\/?page_id=149\">Retour \u00e0 la page du V\u00e9n\u00e9rable Chatillon<\/a><\/p>\n","protected":false},"excerpt":{"rendered":"<p>Retour \u00e0 la page du V\u00e9n\u00e9rable Chatillon &nbsp; D\u00e8s 1930, un an \u00e0 peine apr\u00e8s le d\u00e9c\u00e8s du V\u00e9n\u00e9rable fr\u00e8re Adolphe Chatillon, la modeste revue \u00abBulletin du T.S. Enfant J\u00e9sus\u00bb relatait r\u00e9guli\u00e8rement des faveurs accord\u00e9es par l\u2019intercession du V\u00e9n\u00e9rable qui \u00e9tait connu alors sous le nom de Th\u00e9ophanius-L\u00e9o. On trouve un \u00e9chantillon des premi\u00e8res faveurs&hellip;<\/p>\n","protected":false},"author":1,"featured_media":0,"parent":0,"menu_order":0,"comment_status":"closed","ping_status":"closed","template":"","meta":{"_bbp_topic_count":0,"_bbp_reply_count":0,"_bbp_total_topic_count":0,"_bbp_total_reply_count":0,"_bbp_voice_count":0,"_bbp_anonymous_reply_count":0,"_bbp_topic_count_hidden":0,"_bbp_reply_count_hidden":0,"_bbp_forum_subforum_count":0,"footnotes":""},"class_list":["post-1391","page","type-page","status-publish","hentry"],"_links":{"self":[{"href":"https:\/\/www.delasalle.qc.ca\/index.php?rest_route=\/wp\/v2\/pages\/1391","targetHints":{"allow":["GET"]}}],"collection":[{"href":"https:\/\/www.delasalle.qc.ca\/index.php?rest_route=\/wp\/v2\/pages"}],"about":[{"href":"https:\/\/www.delasalle.qc.ca\/index.php?rest_route=\/wp\/v2\/types\/page"}],"author":[{"embeddable":true,"href":"https:\/\/www.delasalle.qc.ca\/index.php?rest_route=\/wp\/v2\/users\/1"}],"replies":[{"embeddable":true,"href":"https:\/\/www.delasalle.qc.ca\/index.php?rest_route=%2Fwp%2Fv2%2Fcomments&post=1391"}],"version-history":[{"count":20,"href":"https:\/\/www.delasalle.qc.ca\/index.php?rest_route=\/wp\/v2\/pages\/1391\/revisions"}],"predecessor-version":[{"id":1525,"href":"https:\/\/www.delasalle.qc.ca\/index.php?rest_route=\/wp\/v2\/pages\/1391\/revisions\/1525"}],"wp:attachment":[{"href":"https:\/\/www.delasalle.qc.ca\/index.php?rest_route=%2Fwp%2Fv2%2Fmedia&parent=1391"}],"curies":[{"name":"wp","href":"https:\/\/api.w.org\/{rel}","templated":true}]}}